{"id":464,"date":"2013-01-24T19:51:25","date_gmt":"2013-01-24T19:51:25","guid":{"rendered":"http:\/\/www.marathon-dunkerque.com\/?page_id=464"},"modified":"2026-04-29T07:47:51","modified_gmt":"2026-04-29T07:47:51","slug":"recompenses-3","status":"publish","type":"page","link":"http:\/\/www.marathon-dunkerque.com\/?page_id=464","title":{"rendered":"R\u00e9compenses et Podium"},"content":{"rendered":"\n<p><\/p>\n\n\n<p><strong>R\u00e9compenses salle Delaporte du stade de Flandre.<\/strong><\/p>\n<p>Tout d&rsquo;abord merci \u00e0 nos \u00e9lus, nos partenaires, nos b\u00e9n\u00e9voles et \u00e0 vous coureurs d&rsquo;avoir honor\u00e9 le semi marathon de Dunkerque !<\/p>\n<p><a href=\"http:\/\/www.marathon-dunkerque.com\/wp-content\/uploads\/Les-podiums-de-ledition-2026.jpg\"><img loading=\"lazy\" decoding=\"async\" class=\"alignnone size-full wp-image-5167\" src=\"http:\/\/www.marathon-dunkerque.com\/wp-content\/uploads\/Les-podiums-de-ledition-2026.jpg\" alt=\"\" width=\"906\" height=\"720\" srcset=\"http:\/\/www.marathon-dunkerque.com\/wp-content\/uploads\/Les-podiums-de-ledition-2026.jpg 906w, http:\/\/www.marathon-dunkerque.com\/wp-content\/uploads\/Les-podiums-de-ledition-2026-300x238.jpg 300w, http:\/\/www.marathon-dunkerque.com\/wp-content\/uploads\/Les-podiums-de-ledition-2026-768x610.jpg 768w\" sizes=\"(max-width: 906px) 100vw, 906px\" \/><\/a><\/p>\n<p><em><strong>Edition 2026 : Course des Jeunes &#8211; 2,7km<\/strong><\/em><\/p>\n<p><strong>Garcons :<\/strong><\/p>\n<p>1\/ Clovis Menon 8&rsquo;53<\/p>\n<p>2\/ Jules Plancke 10&rsquo;00<\/p>\n<p>3\/ Sacha Volanti 10&rsquo;04<\/p>\n<p><strong>Filles :\u00a0<\/strong><\/p>\n<p>1\/ Lilou Mesnaque 10&rsquo;29<\/p>\n<p>2\/ Lucie Achte 10&rsquo;40<\/p>\n<p>3\/ Maely Beauvois 10&rsquo;52<\/p>\n<p><em><strong>Edition 2026 : 10 km<\/strong><\/em><\/p>\n<p><strong>Garcons :<\/strong><\/p>\n<p>1\/ Virgile Bellet 32&rsquo;26<\/p>\n<p>2\/ Benoit Looten 32&rsquo;32<\/p>\n<p>3\/ Boris Estrine 33&rsquo;44<\/p>\n<p><strong>Filles :<\/strong><\/p>\n<p>1\/ Aur\u00e9lie Barbieri 36&rsquo;52<\/p>\n<p>2\/ Emilie Despres 39&rsquo;30<\/p>\n<p>3\/ Muriel Maes 41&rsquo;16<\/p>\n<p><em><strong>Edition 2026 : le semi marathon<\/strong><\/em><\/p>\n<p>1\/ Hicham Briki 1&rsquo;04&rsquo;42 \u00e0 1&rsquo;12 du record de l&rsquo;\u00e9preuve !<\/p>\n<p>2\/ Thomas Caillau 1&rsquo;08&rsquo;05<\/p>\n<p>3\/ Lucas Pruvost 1&rsquo;08&rsquo;12<\/p>\n<p><strong>Filles :<\/strong><\/p>\n<p>1\/ Elise Alalinarde 1&rsquo;19&rsquo;30<\/p>\n<p>2\/ Ana\u00efs Macquinghen 1&rsquo;23&rsquo;58<\/p>\n<p>3\/ Laura Turquet 1&rsquo;27&rsquo;18<\/p>\n<p>Et enfin une info de taille, notre ami Jean-claude Demarque accompagn\u00e9 de son fid\u00e8le \u00ab\u00a0li\u00e8vre\u00a0\u00bb Eddie Vanhove a battu le record du monde du 10km (cat\u00e9gories M9 &#8211; 80 ANS et +) = 43&rsquo;51 \u00e0 une allure de 13,68km\/h ! Chapeau bas l&rsquo;artiste !<\/p>\n<p>***********************************************************************************************<\/p>\n<p><strong>Edition 2024<\/strong><\/p>\n<p><a href=\"http:\/\/www.marathon-dunkerque.com\/wp-content\/uploads\/IMG_7725-scaled.jpg\"><img loading=\"lazy\" decoding=\"async\" class=\"alignnone size-medium wp-image-4464\" src=\"http:\/\/www.marathon-dunkerque.com\/wp-content\/uploads\/IMG_7725-300x200.jpg\" alt=\"\" width=\"300\" height=\"200\" srcset=\"http:\/\/www.marathon-dunkerque.com\/wp-content\/uploads\/IMG_7725-300x200.jpg 300w, http:\/\/www.marathon-dunkerque.com\/wp-content\/uploads\/IMG_7725-1024x683.jpg 1024w, http:\/\/www.marathon-dunkerque.com\/wp-content\/uploads\/IMG_7725-768x512.jpg 768w, http:\/\/www.marathon-dunkerque.com\/wp-content\/uploads\/IMG_7725-1536x1024.jpg 1536w, http:\/\/www.marathon-dunkerque.com\/wp-content\/uploads\/IMG_7725-2048x1365.jpg 2048w\" sizes=\"(max-width: 300px) 100vw, 300px\" \/> \u00a0 <\/a><a href=\"http:\/\/www.marathon-dunkerque.com\/wp-content\/uploads\/IMG_7721-scaled.jpg\"><img loading=\"lazy\" decoding=\"async\" class=\"alignnone size-medium wp-image-4467\" src=\"http:\/\/www.marathon-dunkerque.com\/wp-content\/uploads\/IMG_7721-300x200.jpg\" alt=\"\" width=\"300\" height=\"200\" srcset=\"http:\/\/www.marathon-dunkerque.com\/wp-content\/uploads\/IMG_7721-300x200.jpg 300w, http:\/\/www.marathon-dunkerque.com\/wp-content\/uploads\/IMG_7721-1024x683.jpg 1024w, http:\/\/www.marathon-dunkerque.com\/wp-content\/uploads\/IMG_7721-768x512.jpg 768w, http:\/\/www.marathon-dunkerque.com\/wp-content\/uploads\/IMG_7721-1536x1024.jpg 1536w, http:\/\/www.marathon-dunkerque.com\/wp-content\/uploads\/IMG_7721-2048x1365.jpg 2048w\" sizes=\"(max-width: 300px) 100vw, 300px\" \/><\/a>\u00a0 <a href=\"http:\/\/www.marathon-dunkerque.com\/wp-content\/uploads\/IMG_7798-scaled.jpg\"><img loading=\"lazy\" decoding=\"async\" class=\"alignnone size-medium wp-image-4469\" src=\"http:\/\/www.marathon-dunkerque.com\/wp-content\/uploads\/IMG_7798-300x188.jpg\" alt=\"\" width=\"300\" height=\"188\" srcset=\"http:\/\/www.marathon-dunkerque.com\/wp-content\/uploads\/IMG_7798-300x188.jpg 300w, http:\/\/www.marathon-dunkerque.com\/wp-content\/uploads\/IMG_7798-1024x642.jpg 1024w, http:\/\/www.marathon-dunkerque.com\/wp-content\/uploads\/IMG_7798-768x481.jpg 768w, http:\/\/www.marathon-dunkerque.com\/wp-content\/uploads\/IMG_7798-1536x963.jpg 1536w, http:\/\/www.marathon-dunkerque.com\/wp-content\/uploads\/IMG_7798-2048x1284.jpg 2048w\" sizes=\"(max-width: 300px) 100vw, 300px\" \/><\/a>\u00a0 et bien d&rsquo;autres photos&#8230;<\/p>\n<p><span style=\"color: #ff0000;\"><strong>Les podiums : <\/strong><\/span><\/p>\n<p><strong>Semi marathon Gar\u00e7ons<\/strong><\/p>\n<p><a href=\"http:\/\/www.marathon-dunkerque.com\/wp-content\/uploads\/Podium-semi-2024-scaled.jpg\"><img loading=\"lazy\" decoding=\"async\" class=\"alignnone size-medium wp-image-4455\" src=\"http:\/\/www.marathon-dunkerque.com\/wp-content\/uploads\/Podium-semi-2024-300x186.jpg\" alt=\"\" width=\"300\" height=\"186\" srcset=\"http:\/\/www.marathon-dunkerque.com\/wp-content\/uploads\/Podium-semi-2024-300x186.jpg 300w, http:\/\/www.marathon-dunkerque.com\/wp-content\/uploads\/Podium-semi-2024-1024x635.jpg 1024w, http:\/\/www.marathon-dunkerque.com\/wp-content\/uploads\/Podium-semi-2024-768x476.jpg 768w, http:\/\/www.marathon-dunkerque.com\/wp-content\/uploads\/Podium-semi-2024-1536x953.jpg 1536w, http:\/\/www.marathon-dunkerque.com\/wp-content\/uploads\/Podium-semi-2024-2048x1270.jpg 2048w\" sizes=\"(max-width: 300px) 100vw, 300px\" \/><\/a><\/p>\n<p>LAMRANI Menad\u00a0\u00a0\u00a0\u00a0\u00a0\u00a0\u00a0\u00a0\u00a0\u00a0\u00a0\u00a0\u00a0\u00a0\u00a0 1:06:52\u00a0<\/p>\n<p>CASTEELE Steven\u00a0\u00a0\u00a0\u00a0\u00a0\u00a0\u00a0\u00a0\u00a0\u00a0\u00a0\u00a0 1:06:59<\/p>\n<p>VERHAEGHE Paul\u00a0\u00a0\u00a0\u00a0\u00a0\u00a0\u00a0\u00a0\u00a0\u00a0\u00a0\u00a0 1:15:27<\/p>\n<p><strong>Semi marathon Filles<\/strong><\/p>\n<p><a href=\"http:\/\/www.marathon-dunkerque.com\/wp-content\/uploads\/Podium-filles-semi-2024-scaled.jpg\"><img loading=\"lazy\" decoding=\"async\" class=\"alignnone size-medium wp-image-4456\" src=\"http:\/\/www.marathon-dunkerque.com\/wp-content\/uploads\/Podium-filles-semi-2024-300x207.jpg\" alt=\"\" width=\"300\" height=\"207\" srcset=\"http:\/\/www.marathon-dunkerque.com\/wp-content\/uploads\/Podium-filles-semi-2024-300x207.jpg 300w, http:\/\/www.marathon-dunkerque.com\/wp-content\/uploads\/Podium-filles-semi-2024-1024x706.jpg 1024w, http:\/\/www.marathon-dunkerque.com\/wp-content\/uploads\/Podium-filles-semi-2024-768x530.jpg 768w, http:\/\/www.marathon-dunkerque.com\/wp-content\/uploads\/Podium-filles-semi-2024-1536x1059.jpg 1536w, http:\/\/www.marathon-dunkerque.com\/wp-content\/uploads\/Podium-filles-semi-2024-2048x1412.jpg 2048w\" sizes=\"(max-width: 300px) 100vw, 300px\" \/><\/a><\/p>\n<p>BEAUVOIS Elo\u00efse\u00a0\u00a0\u00a0\u00a0\u00a0\u00a0\u00a0\u00a0\u00a0\u00a0\u00a0\u00a0\u00a0 1\u201920\u201900<\/p>\n<p>MACHARIA Lucy\u00a0\u00a0\u00a0\u00a0\u00a0\u00a0\u00a0\u00a0\u00a0\u00a0\u00a0\u00a0\u00a0\u00a0\u00a0\u00a0 1\u201920\u201920<\/p>\n<p>GILLODTS Isabelle\u00a0\u00a0\u00a0\u00a0\u00a0\u00a0\u00a0\u00a0\u00a0\u00a0\u00a0 1\u201926\u201908<\/p>\n<p><strong>10km Gar\u00e7ons<\/strong><\/p>\n<p><a href=\"http:\/\/www.marathon-dunkerque.com\/wp-content\/uploads\/Podium-Garcons-du-10km-scaled.jpg\"><img loading=\"lazy\" decoding=\"async\" class=\"alignnone size-medium wp-image-4458\" src=\"http:\/\/www.marathon-dunkerque.com\/wp-content\/uploads\/Podium-Garcons-du-10km-300x192.jpg\" alt=\"\" width=\"300\" height=\"192\" srcset=\"http:\/\/www.marathon-dunkerque.com\/wp-content\/uploads\/Podium-Garcons-du-10km-300x192.jpg 300w, http:\/\/www.marathon-dunkerque.com\/wp-content\/uploads\/Podium-Garcons-du-10km-1024x656.jpg 1024w, http:\/\/www.marathon-dunkerque.com\/wp-content\/uploads\/Podium-Garcons-du-10km-768x492.jpg 768w, http:\/\/www.marathon-dunkerque.com\/wp-content\/uploads\/Podium-Garcons-du-10km-1536x985.jpg 1536w, http:\/\/www.marathon-dunkerque.com\/wp-content\/uploads\/Podium-Garcons-du-10km-2048x1313.jpg 2048w\" sizes=\"(max-width: 300px) 100vw, 300px\" \/><\/a><\/p>\n<p>RIGAUT Jean Baptiste (vainqueur du semi en 2023)\u00a0 32:54<\/p>\n<p>LECARDONNEL Axel \u00a0\u00a0\u00a0\u00a0\u00a0\u00a0\u00a0 35:08<\/p>\n<p>AVENEL Maxime\u00a0 \u00a0 \u00a0 \u00a0 \u00a0 \u00a0 \u00a0 35:25<\/p>\n<p><strong>10km Filles<\/strong><\/p>\n<p><a href=\"http:\/\/www.marathon-dunkerque.com\/wp-content\/uploads\/Podium-filles-10km-2024-scaled.jpg\"><img loading=\"lazy\" decoding=\"async\" class=\"alignnone size-medium wp-image-4457\" src=\"http:\/\/www.marathon-dunkerque.com\/wp-content\/uploads\/Podium-filles-10km-2024-300x189.jpg\" alt=\"\" width=\"300\" height=\"189\" srcset=\"http:\/\/www.marathon-dunkerque.com\/wp-content\/uploads\/Podium-filles-10km-2024-300x189.jpg 300w, http:\/\/www.marathon-dunkerque.com\/wp-content\/uploads\/Podium-filles-10km-2024-1024x646.jpg 1024w, http:\/\/www.marathon-dunkerque.com\/wp-content\/uploads\/Podium-filles-10km-2024-768x484.jpg 768w, http:\/\/www.marathon-dunkerque.com\/wp-content\/uploads\/Podium-filles-10km-2024-1536x969.jpg 1536w, http:\/\/www.marathon-dunkerque.com\/wp-content\/uploads\/Podium-filles-10km-2024-2048x1291.jpg 2048w\" sizes=\"(max-width: 300px) 100vw, 300px\" \/><\/a><\/p>\n<p>CARON St\u00e9phanie 38&rsquo;13<\/p>\n<p>SNIEGOCKIE Emeline 39&rsquo;48<\/p>\n<p>VANDERSTRAETEN Karine 42&rsquo;11<\/p>\n<p><strong>Prix d\u00e9guisement Carnavalesque<\/strong><\/p>\n<p><a href=\"http:\/\/www.marathon-dunkerque.com\/wp-content\/uploads\/1er-deguisement-scaled.jpg\"><img loading=\"lazy\" decoding=\"async\" class=\"alignnone size-medium wp-image-4454\" src=\"http:\/\/www.marathon-dunkerque.com\/wp-content\/uploads\/1er-deguisement-257x300.jpg\" alt=\"\" width=\"257\" height=\"300\" srcset=\"http:\/\/www.marathon-dunkerque.com\/wp-content\/uploads\/1er-deguisement-257x300.jpg 257w, http:\/\/www.marathon-dunkerque.com\/wp-content\/uploads\/1er-deguisement-877x1024.jpg 877w, http:\/\/www.marathon-dunkerque.com\/wp-content\/uploads\/1er-deguisement-768x896.jpg 768w, http:\/\/www.marathon-dunkerque.com\/wp-content\/uploads\/1er-deguisement-1316x1536.jpg 1316w, http:\/\/www.marathon-dunkerque.com\/wp-content\/uploads\/1er-deguisement-1755x2048.jpg 1755w\" sizes=\"(max-width: 257px) 100vw, 257px\" \/>\u00a0 <\/a><a href=\"http:\/\/www.marathon-dunkerque.com\/wp-content\/uploads\/IMG_7839-scaled.jpg\"><img loading=\"lazy\" decoding=\"async\" class=\"alignnone size-medium wp-image-4472\" src=\"http:\/\/www.marathon-dunkerque.com\/wp-content\/uploads\/IMG_7839-300x242.jpg\" alt=\"\" width=\"300\" height=\"242\" srcset=\"http:\/\/www.marathon-dunkerque.com\/wp-content\/uploads\/IMG_7839-300x242.jpg 300w, http:\/\/www.marathon-dunkerque.com\/wp-content\/uploads\/IMG_7839-1024x827.jpg 1024w, http:\/\/www.marathon-dunkerque.com\/wp-content\/uploads\/IMG_7839-768x620.jpg 768w, http:\/\/www.marathon-dunkerque.com\/wp-content\/uploads\/IMG_7839-1536x1241.jpg 1536w, http:\/\/www.marathon-dunkerque.com\/wp-content\/uploads\/IMG_7839-2048x1654.jpg 2048w\" sizes=\"(max-width: 300px) 100vw, 300px\" \/><\/a><\/p>\n<p>Podium Courses de Jeunes<\/p>\n<p><a href=\"http:\/\/www.marathon-dunkerque.com\/wp-content\/uploads\/Podium-des-Jeunes-1-scaled.jpg\"><img loading=\"lazy\" decoding=\"async\" class=\"alignnone size-medium wp-image-4459\" src=\"http:\/\/www.marathon-dunkerque.com\/wp-content\/uploads\/Podium-des-Jeunes-1-300x205.jpg\" alt=\"\" width=\"300\" height=\"205\" srcset=\"http:\/\/www.marathon-dunkerque.com\/wp-content\/uploads\/Podium-des-Jeunes-1-300x205.jpg 300w, http:\/\/www.marathon-dunkerque.com\/wp-content\/uploads\/Podium-des-Jeunes-1-1024x700.jpg 1024w, http:\/\/www.marathon-dunkerque.com\/wp-content\/uploads\/Podium-des-Jeunes-1-768x525.jpg 768w, http:\/\/www.marathon-dunkerque.com\/wp-content\/uploads\/Podium-des-Jeunes-1-1536x1050.jpg 1536w, http:\/\/www.marathon-dunkerque.com\/wp-content\/uploads\/Podium-des-Jeunes-1-2048x1400.jpg 2048w\" sizes=\"(max-width: 300px) 100vw, 300px\" \/><\/a><\/p>\n<p><a href=\"http:\/\/www.marathon-dunkerque.com\/wp-content\/uploads\/Podium-des-Jeunes-2-scaled.jpg\"><img loading=\"lazy\" decoding=\"async\" class=\"alignnone size-medium wp-image-4460\" src=\"http:\/\/www.marathon-dunkerque.com\/wp-content\/uploads\/Podium-des-Jeunes-2-300x260.jpg\" alt=\"\" width=\"300\" height=\"260\" srcset=\"http:\/\/www.marathon-dunkerque.com\/wp-content\/uploads\/Podium-des-Jeunes-2-300x260.jpg 300w, http:\/\/www.marathon-dunkerque.com\/wp-content\/uploads\/Podium-des-Jeunes-2-1024x886.jpg 1024w, http:\/\/www.marathon-dunkerque.com\/wp-content\/uploads\/Podium-des-Jeunes-2-768x665.jpg 768w, http:\/\/www.marathon-dunkerque.com\/wp-content\/uploads\/Podium-des-Jeunes-2-1536x1329.jpg 1536w, http:\/\/www.marathon-dunkerque.com\/wp-content\/uploads\/Podium-des-Jeunes-2-2048x1772.jpg 2048w\" sizes=\"(max-width: 300px) 100vw, 300px\" \/><\/a><\/p>\n<p><a href=\"http:\/\/www.marathon-dunkerque.com\/wp-content\/uploads\/Podium-des-Jeunes-3-scaled.jpg\"><img loading=\"lazy\" decoding=\"async\" class=\"alignnone size-medium wp-image-4461\" src=\"http:\/\/www.marathon-dunkerque.com\/wp-content\/uploads\/Podium-des-Jeunes-3-300x199.jpg\" alt=\"\" width=\"300\" height=\"199\" srcset=\"http:\/\/www.marathon-dunkerque.com\/wp-content\/uploads\/Podium-des-Jeunes-3-300x199.jpg 300w, http:\/\/www.marathon-dunkerque.com\/wp-content\/uploads\/Podium-des-Jeunes-3-1024x678.jpg 1024w, http:\/\/www.marathon-dunkerque.com\/wp-content\/uploads\/Podium-des-Jeunes-3-768x508.jpg 768w, http:\/\/www.marathon-dunkerque.com\/wp-content\/uploads\/Podium-des-Jeunes-3-1536x1017.jpg 1536w, http:\/\/www.marathon-dunkerque.com\/wp-content\/uploads\/Podium-des-Jeunes-3-2048x1356.jpg 2048w\" sizes=\"(max-width: 300px) 100vw, 300px\" \/><\/a><\/p>\n<p>*****************************************************<\/p>\n<p>Les laur\u00e9ats de l&rsquo;\u00e9dition 2023.<\/p>\n<p><strong>Semi marathon Gar\u00e7ons<\/strong><\/p>\n<p><a href=\"http:\/\/www.marathon-dunkerque.com\/wp-content\/uploads\/Le-podiumSemi-garcons-scaled.jpg\"><img loading=\"lazy\" decoding=\"async\" class=\"alignnone size-medium wp-image-4095\" src=\"http:\/\/www.marathon-dunkerque.com\/wp-content\/uploads\/Le-podiumSemi-garcons-300x200.jpg\" alt=\"\" width=\"300\" height=\"200\" srcset=\"http:\/\/www.marathon-dunkerque.com\/wp-content\/uploads\/Le-podiumSemi-garcons-300x200.jpg 300w, http:\/\/www.marathon-dunkerque.com\/wp-content\/uploads\/Le-podiumSemi-garcons-1024x683.jpg 1024w, http:\/\/www.marathon-dunkerque.com\/wp-content\/uploads\/Le-podiumSemi-garcons-768x512.jpg 768w, http:\/\/www.marathon-dunkerque.com\/wp-content\/uploads\/Le-podiumSemi-garcons-1536x1024.jpg 1536w, http:\/\/www.marathon-dunkerque.com\/wp-content\/uploads\/Le-podiumSemi-garcons-2048x1365.jpg 2048w\" sizes=\"(max-width: 300px) 100vw, 300px\" \/><\/a><\/p>\n<p>1\/ Jean Baptiste RIGAUT &#8211; 1&rsquo;08&rsquo;51<\/p>\n<p>2\/ Kevin CALLEBOUT &#8211; 1&rsquo;09&rsquo;40<\/p>\n<p>3\/ Lucas MISEROLE &#8211; 1&rsquo;10&rsquo;16<\/p>\n<p><strong>Semi marathon Filles\u00a0<\/strong><\/p>\n<p><a href=\"http:\/\/www.marathon-dunkerque.com\/wp-content\/uploads\/Le-podium-Semi-filles-scaled.jpg\"><img loading=\"lazy\" decoding=\"async\" class=\"alignnone size-medium wp-image-4097\" src=\"http:\/\/www.marathon-dunkerque.com\/wp-content\/uploads\/Le-podium-Semi-filles-300x200.jpg\" alt=\"\" width=\"300\" height=\"200\" srcset=\"http:\/\/www.marathon-dunkerque.com\/wp-content\/uploads\/Le-podium-Semi-filles-300x200.jpg 300w, http:\/\/www.marathon-dunkerque.com\/wp-content\/uploads\/Le-podium-Semi-filles-1024x683.jpg 1024w, http:\/\/www.marathon-dunkerque.com\/wp-content\/uploads\/Le-podium-Semi-filles-768x512.jpg 768w, http:\/\/www.marathon-dunkerque.com\/wp-content\/uploads\/Le-podium-Semi-filles-1536x1024.jpg 1536w, http:\/\/www.marathon-dunkerque.com\/wp-content\/uploads\/Le-podium-Semi-filles-2048x1365.jpg 2048w\" sizes=\"(max-width: 300px) 100vw, 300px\" \/><\/a><\/p>\n<p>1\/ Leila HADJI &#8211; 1&rsquo;13&rsquo;54<\/p>\n<p>2\/ Isabelle GILLODTS 1&rsquo;24&rsquo;39<\/p>\n<p>3\/ Florence BRISMANS 1&rsquo;29&rsquo;48<\/p>\n<p><a href=\"http:\/\/www.marathon-dunkerque.com\/wp-content\/uploads\/IMG_2508-scaled.jpg\"><img loading=\"lazy\" decoding=\"async\" class=\"alignnone size-medium wp-image-4108\" src=\"http:\/\/www.marathon-dunkerque.com\/wp-content\/uploads\/IMG_2508-300x200.jpg\" alt=\"\" width=\"300\" height=\"200\" srcset=\"http:\/\/www.marathon-dunkerque.com\/wp-content\/uploads\/IMG_2508-300x200.jpg 300w, http:\/\/www.marathon-dunkerque.com\/wp-content\/uploads\/IMG_2508-1024x683.jpg 1024w, http:\/\/www.marathon-dunkerque.com\/wp-content\/uploads\/IMG_2508-768x512.jpg 768w, http:\/\/www.marathon-dunkerque.com\/wp-content\/uploads\/IMG_2508-1536x1024.jpg 1536w, http:\/\/www.marathon-dunkerque.com\/wp-content\/uploads\/IMG_2508-2048x1365.jpg 2048w\" sizes=\"(max-width: 300px) 100vw, 300px\" \/><\/a><\/p>\n<p>Les 5 premi\u00e8res filles<\/p>\n<p><strong>10km Gar\u00e7ons<\/strong><\/p>\n<p><a href=\"http:\/\/www.marathon-dunkerque.com\/wp-content\/uploads\/Le-podium-10km-Garcons-scaled.jpg\"><img loading=\"lazy\" decoding=\"async\" class=\"alignnone size-medium wp-image-4098\" src=\"http:\/\/www.marathon-dunkerque.com\/wp-content\/uploads\/Le-podium-10km-Garcons-300x200.jpg\" alt=\"\" width=\"300\" height=\"200\" srcset=\"http:\/\/www.marathon-dunkerque.com\/wp-content\/uploads\/Le-podium-10km-Garcons-300x200.jpg 300w, http:\/\/www.marathon-dunkerque.com\/wp-content\/uploads\/Le-podium-10km-Garcons-1024x683.jpg 1024w, http:\/\/www.marathon-dunkerque.com\/wp-content\/uploads\/Le-podium-10km-Garcons-768x512.jpg 768w, http:\/\/www.marathon-dunkerque.com\/wp-content\/uploads\/Le-podium-10km-Garcons-1536x1024.jpg 1536w, http:\/\/www.marathon-dunkerque.com\/wp-content\/uploads\/Le-podium-10km-Garcons-2048x1365.jpg 2048w\" sizes=\"(max-width: 300px) 100vw, 300px\" \/><\/a><\/p>\n<p>1\/ Yohan PRUVOT &#8211; 31&rsquo;42<\/p>\n<p>2\/ Tom CASTEELE &#8211; 32&rsquo;33<\/p>\n<p>3\/ R\u00e9mi DECAE &#8211; 32&rsquo;37<\/p>\n<p><a href=\"http:\/\/www.marathon-dunkerque.com\/wp-content\/uploads\/les-10-premiers-garcons-scaled.jpg\"><img loading=\"lazy\" decoding=\"async\" class=\"alignnone size-medium wp-image-4107\" src=\"http:\/\/www.marathon-dunkerque.com\/wp-content\/uploads\/les-10-premiers-garcons-300x200.jpg\" alt=\"\" width=\"300\" height=\"200\" srcset=\"http:\/\/www.marathon-dunkerque.com\/wp-content\/uploads\/les-10-premiers-garcons-300x200.jpg 300w, http:\/\/www.marathon-dunkerque.com\/wp-content\/uploads\/les-10-premiers-garcons-1024x683.jpg 1024w, http:\/\/www.marathon-dunkerque.com\/wp-content\/uploads\/les-10-premiers-garcons-768x512.jpg 768w, http:\/\/www.marathon-dunkerque.com\/wp-content\/uploads\/les-10-premiers-garcons-1536x1024.jpg 1536w, http:\/\/www.marathon-dunkerque.com\/wp-content\/uploads\/les-10-premiers-garcons-2048x1365.jpg 2048w\" sizes=\"(max-width: 300px) 100vw, 300px\" \/><\/a><\/p>\n<p>Les 10 premiers gar\u00e7ons du 10km<\/p>\n<p><strong>10km Filles<\/strong><\/p>\n<p><a href=\"http:\/\/www.marathon-dunkerque.com\/wp-content\/uploads\/Le-podium-10km-filles-scaled.jpg\"><img loading=\"lazy\" decoding=\"async\" class=\"alignnone size-medium wp-image-4100\" src=\"http:\/\/www.marathon-dunkerque.com\/wp-content\/uploads\/Le-podium-10km-filles-300x200.jpg\" alt=\"\" width=\"300\" height=\"200\" srcset=\"http:\/\/www.marathon-dunkerque.com\/wp-content\/uploads\/Le-podium-10km-filles-300x200.jpg 300w, http:\/\/www.marathon-dunkerque.com\/wp-content\/uploads\/Le-podium-10km-filles-1024x683.jpg 1024w, http:\/\/www.marathon-dunkerque.com\/wp-content\/uploads\/Le-podium-10km-filles-768x512.jpg 768w, http:\/\/www.marathon-dunkerque.com\/wp-content\/uploads\/Le-podium-10km-filles-1536x1024.jpg 1536w, http:\/\/www.marathon-dunkerque.com\/wp-content\/uploads\/Le-podium-10km-filles-2048x1365.jpg 2048w\" sizes=\"(max-width: 300px) 100vw, 300px\" \/><\/a><\/p>\n<p>1\/ Karine VANDERSTRAETEN &#8211; 41&rsquo;39<\/p>\n<p>2\/ Morgane DENIEUL &#8211; 42&rsquo;49<\/p>\n<p>3\/ Amandine VANTOMME &#8211; 45&rsquo;29<\/p>\n<p><strong>Course des Jeunes \/ Gar\u00e7ons<\/strong><\/p>\n<p><a href=\"http:\/\/www.marathon-dunkerque.com\/wp-content\/uploads\/Le-podium-Course-des-Jeunes-Garcons-scaled.jpg\"><img loading=\"lazy\" decoding=\"async\" class=\"alignnone size-medium wp-image-4101\" src=\"http:\/\/www.marathon-dunkerque.com\/wp-content\/uploads\/Le-podium-Course-des-Jeunes-Garcons-300x200.jpg\" alt=\"\" width=\"300\" height=\"200\" srcset=\"http:\/\/www.marathon-dunkerque.com\/wp-content\/uploads\/Le-podium-Course-des-Jeunes-Garcons-300x200.jpg 300w, http:\/\/www.marathon-dunkerque.com\/wp-content\/uploads\/Le-podium-Course-des-Jeunes-Garcons-1024x683.jpg 1024w, http:\/\/www.marathon-dunkerque.com\/wp-content\/uploads\/Le-podium-Course-des-Jeunes-Garcons-768x512.jpg 768w, http:\/\/www.marathon-dunkerque.com\/wp-content\/uploads\/Le-podium-Course-des-Jeunes-Garcons-1536x1024.jpg 1536w, http:\/\/www.marathon-dunkerque.com\/wp-content\/uploads\/Le-podium-Course-des-Jeunes-Garcons-2048x1365.jpg 2048w\" sizes=\"(max-width: 300px) 100vw, 300px\" \/><\/a><\/p>\n<p>1\/ Ethan DEBRUYTER &#8211; 10&rsquo;24<\/p>\n<p>2\/ Math\u00e9o WANNEGUE &#8211; 10&rsquo;59<\/p>\n<p>3\/ Julien DECROOCQ &#8211; 11&rsquo;02<\/p>\n<p><strong>Course des Jeunes \/ Filles<\/strong><\/p>\n<p><a href=\"http:\/\/www.marathon-dunkerque.com\/wp-content\/uploads\/Le-podium-Course-des-Jeunes-Filles-scaled.jpg\"><img loading=\"lazy\" decoding=\"async\" class=\"alignnone size-medium wp-image-4102\" src=\"http:\/\/www.marathon-dunkerque.com\/wp-content\/uploads\/Le-podium-Course-des-Jeunes-Filles-300x200.jpg\" alt=\"\" width=\"300\" height=\"200\" srcset=\"http:\/\/www.marathon-dunkerque.com\/wp-content\/uploads\/Le-podium-Course-des-Jeunes-Filles-300x200.jpg 300w, http:\/\/www.marathon-dunkerque.com\/wp-content\/uploads\/Le-podium-Course-des-Jeunes-Filles-1024x683.jpg 1024w, http:\/\/www.marathon-dunkerque.com\/wp-content\/uploads\/Le-podium-Course-des-Jeunes-Filles-768x512.jpg 768w, http:\/\/www.marathon-dunkerque.com\/wp-content\/uploads\/Le-podium-Course-des-Jeunes-Filles-1536x1024.jpg 1536w, http:\/\/www.marathon-dunkerque.com\/wp-content\/uploads\/Le-podium-Course-des-Jeunes-Filles-2048x1365.jpg 2048w\" sizes=\"(max-width: 300px) 100vw, 300px\" \/><\/a><\/p>\n<p>1\/ Tamara HAUW &#8211; 13&rsquo;02<\/p>\n<p>2\/ Rapha\u00eblle DELORME &#8211; 13&rsquo;32<\/p>\n<p>3\/ D\u00e9borah\u00a0 PATTYN &#8211; 13&rsquo;35<\/p>\n<p><strong>Prix d\u00e9guisement Carnavalesque<\/strong><\/p>\n<p><a href=\"http:\/\/www.marathon-dunkerque.com\/wp-content\/uploads\/Prix-deguisement-scaled.jpg\"><img loading=\"lazy\" decoding=\"async\" class=\"alignnone size-medium wp-image-4103\" src=\"http:\/\/www.marathon-dunkerque.com\/wp-content\/uploads\/Prix-deguisement-300x200.jpg\" alt=\"\" width=\"300\" height=\"200\" srcset=\"http:\/\/www.marathon-dunkerque.com\/wp-content\/uploads\/Prix-deguisement-300x200.jpg 300w, http:\/\/www.marathon-dunkerque.com\/wp-content\/uploads\/Prix-deguisement-1024x683.jpg 1024w, http:\/\/www.marathon-dunkerque.com\/wp-content\/uploads\/Prix-deguisement-768x512.jpg 768w, http:\/\/www.marathon-dunkerque.com\/wp-content\/uploads\/Prix-deguisement-1536x1024.jpg 1536w, http:\/\/www.marathon-dunkerque.com\/wp-content\/uploads\/Prix-deguisement-2048x1365.jpg 2048w\" sizes=\"(max-width: 300px) 100vw, 300px\" \/><\/a><\/p>\n<p><a href=\"http:\/\/www.marathon-dunkerque.com\/wp-content\/uploads\/Prix-deguisement-1-scaled.jpg\"><img loading=\"lazy\" decoding=\"async\" class=\"alignnone size-medium wp-image-4104\" src=\"http:\/\/www.marathon-dunkerque.com\/wp-content\/uploads\/Prix-deguisement-1-300x200.jpg\" alt=\"\" width=\"300\" height=\"200\" srcset=\"http:\/\/www.marathon-dunkerque.com\/wp-content\/uploads\/Prix-deguisement-1-300x200.jpg 300w, http:\/\/www.marathon-dunkerque.com\/wp-content\/uploads\/Prix-deguisement-1-1024x683.jpg 1024w, http:\/\/www.marathon-dunkerque.com\/wp-content\/uploads\/Prix-deguisement-1-768x512.jpg 768w, http:\/\/www.marathon-dunkerque.com\/wp-content\/uploads\/Prix-deguisement-1-1536x1024.jpg 1536w, http:\/\/www.marathon-dunkerque.com\/wp-content\/uploads\/Prix-deguisement-1-2048x1365.jpg 2048w\" sizes=\"(max-width: 300px) 100vw, 300px\" \/><\/a><\/p>\n<p><strong>D&rsquo;autres photos prochainement&#8230;<\/strong><\/p>\n<p>******************************************************************************<\/p>\n<p><strong>Les laur\u00e9ats de l&rsquo;\u00e9dition 2022.<\/strong><\/p>\n<p>Un vainqueur habitu\u00e9 des podiums r\u00e9gionaux Hicham Bricki \u2013 1:04:59<br \/>suivi de Djamel Bachiri \u2013 1:06:51 et de Jean Baptiste Rigaut 1:08:31<\/p>\n<p><a href=\"http:\/\/www.marathon-dunkerque.com\/wp-content\/uploads\/Podium-garcon-semi-2022-scaled.jpg\"><img loading=\"lazy\" decoding=\"async\" class=\"alignnone size-medium wp-image-3759\" src=\"http:\/\/www.marathon-dunkerque.com\/wp-content\/uploads\/Podium-garcon-semi-2022-300x200.jpg\" alt=\"\" width=\"300\" height=\"200\" srcset=\"http:\/\/www.marathon-dunkerque.com\/wp-content\/uploads\/Podium-garcon-semi-2022-300x200.jpg 300w, http:\/\/www.marathon-dunkerque.com\/wp-content\/uploads\/Podium-garcon-semi-2022-1024x683.jpg 1024w, http:\/\/www.marathon-dunkerque.com\/wp-content\/uploads\/Podium-garcon-semi-2022-768x512.jpg 768w, http:\/\/www.marathon-dunkerque.com\/wp-content\/uploads\/Podium-garcon-semi-2022-1536x1024.jpg 1536w, http:\/\/www.marathon-dunkerque.com\/wp-content\/uploads\/Podium-garcon-semi-2022-2048x1365.jpg 2048w\" sizes=\"(max-width: 300px) 100vw, 300px\" \/><\/a><\/p>\n<p>Chez les femmes\u00a0 : Chaltu Nagasa\u00a0 (ETH)\u00a0 1:15:31 \u2013 Sandrine Godin<br \/>1:25:54\u00a0 \u2013 Stecy Delay 1:27:25<\/p>\n<p><a href=\"http:\/\/www.marathon-dunkerque.com\/wp-content\/uploads\/Podium-fille-semi-2022-scaled.jpg\"><img loading=\"lazy\" decoding=\"async\" class=\"alignnone size-medium wp-image-3760\" src=\"http:\/\/www.marathon-dunkerque.com\/wp-content\/uploads\/Podium-fille-semi-2022-300x200.jpg\" alt=\"\" width=\"300\" height=\"200\" srcset=\"http:\/\/www.marathon-dunkerque.com\/wp-content\/uploads\/Podium-fille-semi-2022-300x200.jpg 300w, http:\/\/www.marathon-dunkerque.com\/wp-content\/uploads\/Podium-fille-semi-2022-1024x683.jpg 1024w, http:\/\/www.marathon-dunkerque.com\/wp-content\/uploads\/Podium-fille-semi-2022-768x512.jpg 768w, http:\/\/www.marathon-dunkerque.com\/wp-content\/uploads\/Podium-fille-semi-2022-1536x1024.jpg 1536w, http:\/\/www.marathon-dunkerque.com\/wp-content\/uploads\/Podium-fille-semi-2022-2048x1365.jpg 2048w\" sizes=\"(max-width: 300px) 100vw, 300px\" \/><\/a><\/p>\n<p>Les records \u2013 Homme\/Femme n\u2019ont pas \u00e9t\u00e9 battus.<\/p>\n<p>*******************************************************************<\/p>\n<p>Les podiums hommes et femmes de l&rsquo;\u00e9dition <strong>2021<\/strong> :<\/p>\n<p><a href=\"http:\/\/www.marathon-dunkerque.com\/wp-content\/uploads\/IMG_5967-scaled.jpg\"><img loading=\"lazy\" decoding=\"async\" class=\"alignnone size-medium wp-image-3528\" src=\"http:\/\/www.marathon-dunkerque.com\/wp-content\/uploads\/IMG_5967-300x200.jpg\" alt=\"\" width=\"300\" height=\"200\" srcset=\"http:\/\/www.marathon-dunkerque.com\/wp-content\/uploads\/IMG_5967-300x200.jpg 300w, http:\/\/www.marathon-dunkerque.com\/wp-content\/uploads\/IMG_5967-1024x683.jpg 1024w, http:\/\/www.marathon-dunkerque.com\/wp-content\/uploads\/IMG_5967-768x512.jpg 768w, http:\/\/www.marathon-dunkerque.com\/wp-content\/uploads\/IMG_5967-1536x1024.jpg 1536w, http:\/\/www.marathon-dunkerque.com\/wp-content\/uploads\/IMG_5967-2048x1365.jpg 2048w\" sizes=\"(max-width: 300px) 100vw, 300px\" \/><\/a><\/p>\n<p>Premier Ogari Stephen Barongo vainqueur en 1&rsquo;05&Prime;31 , second Ogari Charles 1&rsquo;05&rsquo;32 et le troisi\u00e8me Briki Hicham 1&rsquo;05&Prime;40.<\/p>\n<p><a href=\"http:\/\/www.marathon-dunkerque.com\/wp-content\/uploads\/IMG_6011-1-scaled.jpg\"><img loading=\"lazy\" decoding=\"async\" class=\"alignnone size-medium wp-image-3530\" src=\"http:\/\/www.marathon-dunkerque.com\/wp-content\/uploads\/IMG_6011-1-300x200.jpg\" alt=\"\" width=\"300\" height=\"200\" srcset=\"http:\/\/www.marathon-dunkerque.com\/wp-content\/uploads\/IMG_6011-1-300x200.jpg 300w, http:\/\/www.marathon-dunkerque.com\/wp-content\/uploads\/IMG_6011-1-1024x683.jpg 1024w, http:\/\/www.marathon-dunkerque.com\/wp-content\/uploads\/IMG_6011-1-768x512.jpg 768w, http:\/\/www.marathon-dunkerque.com\/wp-content\/uploads\/IMG_6011-1-1536x1024.jpg 1536w, http:\/\/www.marathon-dunkerque.com\/wp-content\/uploads\/IMG_6011-1-2048x1365.jpg 2048w\" sizes=\"(max-width: 300px) 100vw, 300px\" \/><\/a><\/p>\n<p>Premi\u00e8re Isabelle Gillodts vainqueur en 1&rsquo;23&Prime;38, deuxi\u00e8me Sandrine Godin 1&rsquo;29&Prime;22 et troisi\u00e8me Karine Vanderstraeten 1&rsquo;31&Prime;00.<\/p>\n<p>**************************************************************<\/p>\n<p><strong>Vous trouverez ci-dessous les diff\u00e9rents podiums de l&rsquo;\u00e9dition 2019.<\/strong><br \/>Retrouvez tr\u00e8s prochainement tous les autres podiums et photos des r\u00e9compenses sur le compte face-book du semi du carnaval&#8230;<\/p>\n<p><a href=\"http:\/\/www.marathon-dunkerque.com\/wp-content\/uploads\/IMG_1491.jpg\"><img loading=\"lazy\" decoding=\"async\" class=\"alignnone size-medium wp-image-2781\" src=\"http:\/\/www.marathon-dunkerque.com\/wp-content\/uploads\/IMG_1491-300x200.jpg\" alt=\"\" width=\"300\" height=\"200\" srcset=\"http:\/\/www.marathon-dunkerque.com\/wp-content\/uploads\/IMG_1491-300x200.jpg 300w, http:\/\/www.marathon-dunkerque.com\/wp-content\/uploads\/IMG_1491-768x512.jpg 768w, http:\/\/www.marathon-dunkerque.com\/wp-content\/uploads\/IMG_1491-1024x683.jpg 1024w\" sizes=\"(max-width: 300px) 100vw, 300px\" \/><\/a><br \/><strong>Un grand merci \u00e0 nos institutionnels, partenaires, sponsors&#8230; qui ont fait de cette journ\u00e9e une r\u00e9elle r\u00e9ussite !<\/strong><\/p>\n<p><a href=\"http:\/\/www.marathon-dunkerque.com\/wp-content\/uploads\/IMG_1497.jpg\"><img loading=\"lazy\" decoding=\"async\" class=\"alignnone size-medium wp-image-2784\" src=\"http:\/\/www.marathon-dunkerque.com\/wp-content\/uploads\/IMG_1497-300x200.jpg\" alt=\"\" width=\"300\" height=\"200\" srcset=\"http:\/\/www.marathon-dunkerque.com\/wp-content\/uploads\/IMG_1497-300x200.jpg 300w, http:\/\/www.marathon-dunkerque.com\/wp-content\/uploads\/IMG_1497-768x512.jpg 768w, http:\/\/www.marathon-dunkerque.com\/wp-content\/uploads\/IMG_1497-1024x683.jpg 1024w\" sizes=\"(max-width: 300px) 100vw, 300px\" \/><\/a><\/p>\n<p><a href=\"http:\/\/www.marathon-dunkerque.com\/wp-content\/uploads\/IMG_1348-2.jpg\"><img loading=\"lazy\" decoding=\"async\" class=\"alignnone size-medium wp-image-2768\" src=\"http:\/\/www.marathon-dunkerque.com\/wp-content\/uploads\/IMG_1348-2-300x200.jpg\" alt=\"\" width=\"300\" height=\"200\" srcset=\"http:\/\/www.marathon-dunkerque.com\/wp-content\/uploads\/IMG_1348-2-300x200.jpg 300w, http:\/\/www.marathon-dunkerque.com\/wp-content\/uploads\/IMG_1348-2-768x512.jpg 768w, http:\/\/www.marathon-dunkerque.com\/wp-content\/uploads\/IMG_1348-2-1024x683.jpg 1024w\" sizes=\"(max-width: 300px) 100vw, 300px\" \/><\/a><\/p>\n<p><a href=\"http:\/\/www.marathon-dunkerque.com\/wp-content\/uploads\/IMG_1360-2.jpg\"><img loading=\"lazy\" decoding=\"async\" class=\"alignnone size-medium wp-image-2769\" src=\"http:\/\/www.marathon-dunkerque.com\/wp-content\/uploads\/IMG_1360-2-300x200.jpg\" alt=\"\" width=\"300\" height=\"200\" srcset=\"http:\/\/www.marathon-dunkerque.com\/wp-content\/uploads\/IMG_1360-2-300x200.jpg 300w, http:\/\/www.marathon-dunkerque.com\/wp-content\/uploads\/IMG_1360-2-768x512.jpg 768w, http:\/\/www.marathon-dunkerque.com\/wp-content\/uploads\/IMG_1360-2-1024x683.jpg 1024w\" sizes=\"(max-width: 300px) 100vw, 300px\" \/><\/a><\/p>\n<p><a href=\"http:\/\/www.marathon-dunkerque.com\/wp-content\/uploads\/IMG_1362-2.jpg\"><img loading=\"lazy\" decoding=\"async\" class=\"alignnone size-medium wp-image-2771\" src=\"http:\/\/www.marathon-dunkerque.com\/wp-content\/uploads\/IMG_1362-2-300x200.jpg\" alt=\"\" width=\"300\" height=\"200\" srcset=\"http:\/\/www.marathon-dunkerque.com\/wp-content\/uploads\/IMG_1362-2-300x200.jpg 300w, http:\/\/www.marathon-dunkerque.com\/wp-content\/uploads\/IMG_1362-2-768x512.jpg 768w, http:\/\/www.marathon-dunkerque.com\/wp-content\/uploads\/IMG_1362-2-1024x683.jpg 1024w\" sizes=\"(max-width: 300px) 100vw, 300px\" \/><\/a><\/p>\n<p><a href=\"http:\/\/www.marathon-dunkerque.com\/wp-content\/uploads\/IMG_1509-Copie.jpg\"><img loading=\"lazy\" decoding=\"async\" class=\"alignnone size-medium wp-image-2772\" src=\"http:\/\/www.marathon-dunkerque.com\/wp-content\/uploads\/IMG_1509-Copie-300x200.jpg\" alt=\"\" width=\"300\" height=\"200\" srcset=\"http:\/\/www.marathon-dunkerque.com\/wp-content\/uploads\/IMG_1509-Copie-300x200.jpg 300w, http:\/\/www.marathon-dunkerque.com\/wp-content\/uploads\/IMG_1509-Copie-768x512.jpg 768w, http:\/\/www.marathon-dunkerque.com\/wp-content\/uploads\/IMG_1509-Copie-1024x683.jpg 1024w\" sizes=\"(max-width: 300px) 100vw, 300px\" \/><\/a><br \/><strong>Les 2 vainqueurs du semi marathon \u00e9dition 2019, Emilie Venza et Hicham Briki.<\/strong><\/p>\n<p><a href=\"http:\/\/www.marathon-dunkerque.com\/wp-content\/uploads\/IMG_1546.jpg\"><img loading=\"lazy\" decoding=\"async\" class=\"alignnone size-medium wp-image-2774\" src=\"http:\/\/www.marathon-dunkerque.com\/wp-content\/uploads\/IMG_1546-300x200.jpg\" alt=\"\" width=\"300\" height=\"200\" srcset=\"http:\/\/www.marathon-dunkerque.com\/wp-content\/uploads\/IMG_1546-300x200.jpg 300w, http:\/\/www.marathon-dunkerque.com\/wp-content\/uploads\/IMG_1546-768x512.jpg 768w, http:\/\/www.marathon-dunkerque.com\/wp-content\/uploads\/IMG_1546-1024x683.jpg 1024w\" sizes=\"(max-width: 300px) 100vw, 300px\" \/><\/a><br \/><strong>Le podium des 5 premi\u00e8res f\u00e9minines du semi<\/strong><\/p>\n<p><a href=\"http:\/\/www.marathon-dunkerque.com\/wp-content\/uploads\/IMG_1560-1.jpg\"><img loading=\"lazy\" decoding=\"async\" class=\"alignnone size-medium wp-image-2777\" src=\"http:\/\/www.marathon-dunkerque.com\/wp-content\/uploads\/IMG_1560-1-300x200.jpg\" alt=\"\" width=\"300\" height=\"200\" srcset=\"http:\/\/www.marathon-dunkerque.com\/wp-content\/uploads\/IMG_1560-1-300x200.jpg 300w, http:\/\/www.marathon-dunkerque.com\/wp-content\/uploads\/IMG_1560-1-768x512.jpg 768w, http:\/\/www.marathon-dunkerque.com\/wp-content\/uploads\/IMG_1560-1-1024x683.jpg 1024w\" sizes=\"(max-width: 300px) 100vw, 300px\" \/><\/a><br \/><strong>Les 8 premiers gar\u00e7ons du semi<\/strong><\/p>\n<p><a href=\"http:\/\/www.marathon-dunkerque.com\/wp-content\/uploads\/IMG_1588.jpg\"><img loading=\"lazy\" decoding=\"async\" class=\"alignnone size-medium wp-image-2799\" src=\"http:\/\/www.marathon-dunkerque.com\/wp-content\/uploads\/IMG_1588-300x200.jpg\" alt=\"\" width=\"300\" height=\"200\" srcset=\"http:\/\/www.marathon-dunkerque.com\/wp-content\/uploads\/IMG_1588-300x200.jpg 300w, http:\/\/www.marathon-dunkerque.com\/wp-content\/uploads\/IMG_1588-768x512.jpg 768w, http:\/\/www.marathon-dunkerque.com\/wp-content\/uploads\/IMG_1588-1024x683.jpg 1024w\" sizes=\"(max-width: 300px) 100vw, 300px\" \/><\/a><\/p>\n<p><a href=\"http:\/\/www.marathon-dunkerque.com\/wp-content\/uploads\/IMG_1643.jpg\"><img loading=\"lazy\" decoding=\"async\" class=\"alignnone size-medium wp-image-2800\" src=\"http:\/\/www.marathon-dunkerque.com\/wp-content\/uploads\/IMG_1643-300x200.jpg\" alt=\"\" width=\"300\" height=\"200\" srcset=\"http:\/\/www.marathon-dunkerque.com\/wp-content\/uploads\/IMG_1643-300x200.jpg 300w, http:\/\/www.marathon-dunkerque.com\/wp-content\/uploads\/IMG_1643-768x512.jpg 768w, http:\/\/www.marathon-dunkerque.com\/wp-content\/uploads\/IMG_1643-1024x683.jpg 1024w\" sizes=\"(max-width: 300px) 100vw, 300px\" \/><\/a><\/p>\n<p><a href=\"http:\/\/www.marathon-dunkerque.com\/wp-content\/uploads\/IMG_1580.jpg\"><img loading=\"lazy\" decoding=\"async\" class=\"alignnone size-medium wp-image-2779\" src=\"http:\/\/www.marathon-dunkerque.com\/wp-content\/uploads\/IMG_1580-300x200.jpg\" alt=\"\" width=\"300\" height=\"200\" srcset=\"http:\/\/www.marathon-dunkerque.com\/wp-content\/uploads\/IMG_1580-300x200.jpg 300w, http:\/\/www.marathon-dunkerque.com\/wp-content\/uploads\/IMG_1580-768x512.jpg 768w, http:\/\/www.marathon-dunkerque.com\/wp-content\/uploads\/IMG_1580-1024x683.jpg 1024w\" sizes=\"(max-width: 300px) 100vw, 300px\" \/><\/a><\/p>\n<p><a href=\"http:\/\/www.marathon-dunkerque.com\/wp-content\/uploads\/IMG_1681.jpg\"><img loading=\"lazy\" decoding=\"async\" class=\"alignnone size-medium wp-image-2780\" src=\"http:\/\/www.marathon-dunkerque.com\/wp-content\/uploads\/IMG_1681-300x200.jpg\" alt=\"\" width=\"300\" height=\"200\" srcset=\"http:\/\/www.marathon-dunkerque.com\/wp-content\/uploads\/IMG_1681-300x200.jpg 300w, http:\/\/www.marathon-dunkerque.com\/wp-content\/uploads\/IMG_1681-768x512.jpg 768w, http:\/\/www.marathon-dunkerque.com\/wp-content\/uploads\/IMG_1681-1024x683.jpg 1024w\" sizes=\"(max-width: 300px) 100vw, 300px\" \/><\/a><\/p>\n<p>sans oublier toutes les autres photos que vous retrouverez sur notre site facebook \u00ab\u00a0semi marathon du carnaval\u00a0\u00bb.<\/p>","protected":false},"excerpt":{"rendered":"<p>R\u00e9compenses salle Delaporte du stade de Flandre. Tout d&rsquo;abord merci \u00e0 nos \u00e9lus, nos partenaires, nos b\u00e9n\u00e9voles et \u00e0 vous coureurs d&rsquo;avoir honor\u00e9 le semi marathon de Dunkerque ! Edition 2026 : Course des Jeunes &#8211; 2,7km Garcons : 1\/ Clovis Menon 8&rsquo;53 2\/ Jules Plancke 10&rsquo;00 3\/ Sacha Volanti 10&rsquo;04 Filles :\u00a0 1\/ Lilou [&hellip;]<\/p>\n","protected":false},"author":1,"featured_media":0,"parent":0,"menu_order":9,"comment_status":"closed","ping_status":"open","template":"","meta":{"footnotes":""},"_links":{"self":[{"href":"http:\/\/www.marathon-dunkerque.com\/index.php?rest_route=\/wp\/v2\/pages\/464"}],"collection":[{"href":"http:\/\/www.marathon-dunkerque.com\/index.php?rest_route=\/wp\/v2\/pages"}],"about":[{"href":"http:\/\/www.marathon-dunkerque.com\/index.php?rest_route=\/wp\/v2\/types\/page"}],"author":[{"embeddable":true,"href":"http:\/\/www.marathon-dunkerque.com\/index.php?rest_route=\/wp\/v2\/users\/1"}],"replies":[{"embeddable":true,"href":"http:\/\/www.marathon-dunkerque.com\/index.php?rest_route=%2Fwp%2Fv2%2Fcomments&post=464"}],"version-history":[{"count":214,"href":"http:\/\/www.marathon-dunkerque.com\/index.php?rest_route=\/wp\/v2\/pages\/464\/revisions"}],"predecessor-version":[{"id":5169,"href":"http:\/\/www.marathon-dunkerque.com\/index.php?rest_route=\/wp\/v2\/pages\/464\/revisions\/5169"}],"wp:attachment":[{"href":"http:\/\/www.marathon-dunkerque.com\/index.php?rest_route=%2Fwp%2Fv2%2Fmedia&parent=464"}],"curies":[{"name":"wp","href":"https:\/\/api.w.org\/{rel}","templated":true}]}}