{"id":17,"date":"2012-06-17T13:22:37","date_gmt":"2012-06-17T13:22:37","guid":{"rendered":"http:\/\/localhost:8888\/marathonWP\/?page_id=17"},"modified":"2026-04-29T07:43:39","modified_gmt":"2026-04-29T07:43:39","slug":"parcours","status":"publish","type":"page","link":"http:\/\/www.marathon-dunkerque.com\/?page_id=17","title":{"rendered":"Photos et Parcours de l&rsquo;\u00e9dition 2027 (page en travaux)"},"content":{"rendered":"<p>Ci-dessous les liens des premi\u00e8res photos de l&rsquo;\u00e9dition 2027 :<\/p>\n<p><a href=\"https:\/\/www.amazon.fr\/photos\/share\/knGsXzNMZ7jWpOOHGRo6BY5Cqf2znePsf61Q3cVNwFW\">https:\/\/www.amazon.fr\/photos\/share\/knGsXzNMZ7jWpOOHGRo6BY5Cqf2znePsf61Q3cVNwFW<\/a><\/p>\n<p><a href=\"https:\/\/photos.app.goo.gl\/WVoVji6jLd5fBn2F6\">https:\/\/photos.app.goo.gl\/WVoVji6jLd5fBn2F6<\/a><\/p>\n<p>Photos 2027 : \u00ab\u00a0nouveau montage \/ nouvelle animation\u00a0\u00bb.<\/p>\n<p>D&rsquo;autres photos suivront, j&rsquo;attends de la part des autres photographes leur lien Google photos !<\/p>\n<p><strong>Les parcours restent inchang\u00e9s aux ann\u00e9es pr\u00e9c\u00e9dentes.<\/strong><\/p>\n<p>Parcours du semi marathon du dimanche xxx 2027, d\u00e9part \u00e0 9h30 (lien ci-dessous).<\/p>\n<p><a href=\"http:\/\/www.marathon-dunkerque.com\/wp-content\/uploads\/Diapositive1-2.jpg\"><img loading=\"lazy\" decoding=\"async\" class=\"alignnone size-medium wp-image-4676\" src=\"http:\/\/www.marathon-dunkerque.com\/wp-content\/uploads\/Diapositive1-2-210x300.jpg\" alt=\"\" width=\"210\" height=\"300\" srcset=\"http:\/\/www.marathon-dunkerque.com\/wp-content\/uploads\/Diapositive1-2-210x300.jpg 210w, http:\/\/www.marathon-dunkerque.com\/wp-content\/uploads\/Diapositive1-2-717x1024.jpg 717w, http:\/\/www.marathon-dunkerque.com\/wp-content\/uploads\/Diapositive1-2-768x1097.jpg 768w, http:\/\/www.marathon-dunkerque.com\/wp-content\/uploads\/Diapositive1-2.jpg 775w\" sizes=\"(max-width: 210px) 100vw, 210px\" \/><\/a> <a href=\"http:\/\/www.marathon-dunkerque.com\/wp-content\/uploads\/Diapositive2-1.jpg\"><img loading=\"lazy\" decoding=\"async\" class=\"alignnone size-medium wp-image-4677\" src=\"http:\/\/www.marathon-dunkerque.com\/wp-content\/uploads\/Diapositive2-1-210x300.jpg\" alt=\"\" width=\"210\" height=\"300\" srcset=\"http:\/\/www.marathon-dunkerque.com\/wp-content\/uploads\/Diapositive2-1-210x300.jpg 210w, http:\/\/www.marathon-dunkerque.com\/wp-content\/uploads\/Diapositive2-1-717x1024.jpg 717w, http:\/\/www.marathon-dunkerque.com\/wp-content\/uploads\/Diapositive2-1-768x1097.jpg 768w, http:\/\/www.marathon-dunkerque.com\/wp-content\/uploads\/Diapositive2-1.jpg 775w\" sizes=\"(max-width: 210px) 100vw, 210px\" \/><\/a> <a href=\"http:\/\/www.marathon-dunkerque.com\/wp-content\/uploads\/Diapositive3.jpg\"><img loading=\"lazy\" decoding=\"async\" class=\"alignnone size-medium wp-image-4678\" src=\"http:\/\/www.marathon-dunkerque.com\/wp-content\/uploads\/Diapositive3-210x300.jpg\" alt=\"\" width=\"210\" height=\"300\" srcset=\"http:\/\/www.marathon-dunkerque.com\/wp-content\/uploads\/Diapositive3-210x300.jpg 210w, http:\/\/www.marathon-dunkerque.com\/wp-content\/uploads\/Diapositive3-717x1024.jpg 717w, http:\/\/www.marathon-dunkerque.com\/wp-content\/uploads\/Diapositive3-768x1097.jpg 768w, http:\/\/www.marathon-dunkerque.com\/wp-content\/uploads\/Diapositive3.jpg 775w\" sizes=\"(max-width: 210px) 100vw, 210px\" \/><\/a><\/p>\n<p>Les autres courses emprunteront le m\u00eame parcours que le semi (plans en cours de validit\u00e9). Concernant le parcours du 10km, d\u00e9part \u00e0 9h45, le parcours est identique au semi marathon, toutefois les coureurs feront demi tour au niveau de l&rsquo;entr\u00e9e principal du parc de Coudekerque-Branche.<\/p>\n<p>Parcours du 10km (lien ci-dessous) :<\/p>\n<p><a href=\"http:\/\/www.marathon-dunkerque.com\/wp-content\/uploads\/Diapositive1-3.jpg\"><img loading=\"lazy\" decoding=\"async\" class=\"alignnone size-medium wp-image-4680\" src=\"http:\/\/www.marathon-dunkerque.com\/wp-content\/uploads\/Diapositive1-3-210x300.jpg\" alt=\"\" width=\"210\" height=\"300\" srcset=\"http:\/\/www.marathon-dunkerque.com\/wp-content\/uploads\/Diapositive1-3-210x300.jpg 210w, http:\/\/www.marathon-dunkerque.com\/wp-content\/uploads\/Diapositive1-3-717x1024.jpg 717w, http:\/\/www.marathon-dunkerque.com\/wp-content\/uploads\/Diapositive1-3-768x1097.jpg 768w, http:\/\/www.marathon-dunkerque.com\/wp-content\/uploads\/Diapositive1-3.jpg 775w\" sizes=\"(max-width: 210px) 100vw, 210px\" \/><\/a><\/p>\n<p>Parcours du 2,7 km, d\u00e9part \u00e0 9h55 (course des jeunes)<\/p>\n<p><a href=\"http:\/\/www.marathon-dunkerque.com\/wp-content\/uploads\/Diapositive1-1.jpg\"><img loading=\"lazy\" decoding=\"async\" class=\"alignnone size-medium wp-image-4366\" src=\"http:\/\/www.marathon-dunkerque.com\/wp-content\/uploads\/Diapositive1-1-210x300.jpg\" alt=\"\" width=\"210\" height=\"300\" srcset=\"http:\/\/www.marathon-dunkerque.com\/wp-content\/uploads\/Diapositive1-1-210x300.jpg 210w, http:\/\/www.marathon-dunkerque.com\/wp-content\/uploads\/Diapositive1-1-717x1024.jpg 717w, http:\/\/www.marathon-dunkerque.com\/wp-content\/uploads\/Diapositive1-1-768x1097.jpg 768w, http:\/\/www.marathon-dunkerque.com\/wp-content\/uploads\/Diapositive1-1.jpg 775w\" sizes=\"(max-width: 210px) 100vw, 210px\" \/><\/a><\/p>\n<p>Parcours des Poussins, d\u00e9part \u00e0 10h00.<\/p>\n<p><a href=\"http:\/\/www.marathon-dunkerque.com\/wp-content\/uploads\/Diapositive2.jpg\"><img loading=\"lazy\" decoding=\"async\" class=\"alignnone size-medium wp-image-4369\" src=\"http:\/\/www.marathon-dunkerque.com\/wp-content\/uploads\/Diapositive2-210x300.jpg\" alt=\"\" width=\"210\" height=\"300\" srcset=\"http:\/\/www.marathon-dunkerque.com\/wp-content\/uploads\/Diapositive2-210x300.jpg 210w, http:\/\/www.marathon-dunkerque.com\/wp-content\/uploads\/Diapositive2-717x1024.jpg 717w, http:\/\/www.marathon-dunkerque.com\/wp-content\/uploads\/Diapositive2-768x1097.jpg 768w, http:\/\/www.marathon-dunkerque.com\/wp-content\/uploads\/Diapositive2.jpg 775w\" sizes=\"(max-width: 210px) 100vw, 210px\" \/><\/a><\/p>\n<p>**********************************<\/p>\n<p>Photos de Polo \u00e9dition 2023<\/p>\n<p><a href=\"https:\/\/photos.app.goo.gl\/DKQAyNVFpy6bWoTP6\">https:\/\/photos.app.goo.gl\/DKQAyNVFpy6bWoTP6<\/a><\/p>\n<p>Photos de Domi \u00e9dition 2023<\/p>\n<p><a href=\"https:\/\/photos.app.goo.gl\/HWEAqAsw4eTXQ8nF7\">https:\/\/photos.app.goo.gl\/HWEAqAsw4eTXQ8nF7<\/a><\/p>\n<p>**********************************<\/p>\n<p>Les Podiums :<\/p>\n<p><a href=\"https:\/\/photos.app.goo.gl\/QnFuZT5iaWJjEQQi8\">https:\/\/photos.app.goo.gl\/QnFuZT5iaWJjEQQi8<\/a><\/p>\n<p>Photos diverses en ext\u00e9rieur :<\/p>\n<p><a href=\"https:\/\/photos.app.goo.gl\/tMdGCzJWrWBXLkGZ7\">https:\/\/photos.app.goo.gl\/tMdGCzJWrWBXLkGZ7<\/a><\/p>\n<p>Photos de M Gauchet Jean<\/p>\n<p><a href=\"https:\/\/www.flickr.com\/photos\/piriac\/albums\/72157720095401891\">https:\/\/www.flickr.com\/photos\/piriac\/albums\/72157720095401891<\/a><\/p>\n<p>**********************************************************************************<\/p>\n<p><strong>Photos \u00e9dition 2019<\/strong><\/p>\n<p><a href=\"https:\/\/photos.google.com\/share\/AF1QipMhpxdgeyGsNATtn9M_TVU5n7n-TElAPTFG2Ft1Ws8YtbPyZ49wTs0qh_NLhVoi1g?key=amxvRks0YVRDY3Q2MDFZejFKcFczcWZhamp5bjd3\"><strong>google photos<\/strong><\/a><\/p>\n<p><a href=\"https:\/\/www.facebook.com\/profile.php?id=100015384964087\">Pour acc\u00e9der aux anciennes photos via le compte face-book, cliquez sur le lien :<\/a><\/p>\n<p><a href=\"https:\/\/photos.app.goo.gl\/dRk2QApEH7q8ka649\"><strong>Les pr\u00e9paratifs de la course<\/strong><\/a><\/p>\n<p><a href=\"https:\/\/photos.app.goo.gl\/DWWN9gceiBhFBG9T9\"><strong>Les avants courses<\/strong><\/a><\/p>\n<p><a href=\"https:\/\/photos.app.goo.gl\/kHcWTjZiLJPAwAMNA\"><strong>Les courses<\/strong><\/a><\/p>\n<p><a href=\"https:\/\/photos.app.goo.gl\/3afKFRrKkSBpkVpw5\"><strong>Remise des r\u00e9compenses<\/strong><\/a><\/p>\n<p>Voici de nombreuses photos prises par <strong>Jean Luc Brisbaert de \u00ab\u00a0Courir \u00e0 Gravelines\u00a0\u00bb<\/strong>. Merci Jean Luc pour ses clich\u00e9s.<br \/>\n<a href=\"https:\/\/photos.app.goo.gl\/iZu5Q2LWcgdiHGWE7\">https:\/\/photos.app.goo.gl\/iZu5Q2LWcgdiHGWE7<\/a><\/p>\n<p>Ci-dessous le lien qui donne acc\u00e8s aux photos de <strong>Domi de \u00ab\u00a0Courir \u00e0 Gravelines\u00a0\u00bb<\/strong>.<br \/>\n<a href=\"https:\/\/photos.app.goo.gl\/zX9R15q8XQgnj9uU7\">https:\/\/photos.app.goo.gl\/zX9R15q8XQgnj9uU7<\/a><\/p>\n<p>Le parcours en image, roulant, rapide, sans difficult\u00e9.<br \/>\n<a href=\"http:\/\/www.marathon-dunkerque.com\/wp-content\/uploads\/IMG_1129-2.jpg\"><img loading=\"lazy\" decoding=\"async\" class=\"alignnone size-medium wp-image-2795\" src=\"http:\/\/www.marathon-dunkerque.com\/wp-content\/uploads\/IMG_1129-2-300x200.jpg\" alt=\"\" width=\"300\" height=\"200\" srcset=\"http:\/\/www.marathon-dunkerque.com\/wp-content\/uploads\/IMG_1129-2-300x200.jpg 300w, http:\/\/www.marathon-dunkerque.com\/wp-content\/uploads\/IMG_1129-2-768x512.jpg 768w, http:\/\/www.marathon-dunkerque.com\/wp-content\/uploads\/IMG_1129-2-1024x683.jpg 1024w\" sizes=\"(max-width: 300px) 100vw, 300px\" \/><\/a><a href=\"http:\/\/www.marathon-dunkerque.com\/wp-content\/uploads\/IMG_1058-2.jpg\"><img loading=\"lazy\" decoding=\"async\" class=\"alignnone size-medium wp-image-2796\" src=\"http:\/\/www.marathon-dunkerque.com\/wp-content\/uploads\/IMG_1058-2-300x200.jpg\" alt=\"\" width=\"300\" height=\"200\" srcset=\"http:\/\/www.marathon-dunkerque.com\/wp-content\/uploads\/IMG_1058-2-300x200.jpg 300w, http:\/\/www.marathon-dunkerque.com\/wp-content\/uploads\/IMG_1058-2-768x512.jpg 768w, http:\/\/www.marathon-dunkerque.com\/wp-content\/uploads\/IMG_1058-2-1024x683.jpg 1024w\" sizes=\"(max-width: 300px) 100vw, 300px\" \/><\/a><a href=\"http:\/\/www.marathon-dunkerque.com\/wp-content\/uploads\/IMG_0939-2.jpg\"><img loading=\"lazy\" decoding=\"async\" class=\"alignnone size-medium wp-image-2797\" src=\"http:\/\/www.marathon-dunkerque.com\/wp-content\/uploads\/IMG_0939-2-300x200.jpg\" alt=\"\" width=\"300\" height=\"200\" srcset=\"http:\/\/www.marathon-dunkerque.com\/wp-content\/uploads\/IMG_0939-2-300x200.jpg 300w, http:\/\/www.marathon-dunkerque.com\/wp-content\/uploads\/IMG_0939-2-768x512.jpg 768w, http:\/\/www.marathon-dunkerque.com\/wp-content\/uploads\/IMG_0939-2-1024x683.jpg 1024w\" sizes=\"(max-width: 300px) 100vw, 300px\" \/><\/a><br \/>\n<a href=\"http:\/\/www.marathon-dunkerque.com\/wp-content\/uploads\/IMG_1582.jpg\"><img loading=\"lazy\" decoding=\"async\" class=\"alignnone size-medium wp-image-2558\" src=\"http:\/\/www.marathon-dunkerque.com\/wp-content\/uploads\/IMG_1582-300x200.jpg\" alt=\"\" width=\"300\" height=\"200\" srcset=\"http:\/\/www.marathon-dunkerque.com\/wp-content\/uploads\/IMG_1582-300x200.jpg 300w, http:\/\/www.marathon-dunkerque.com\/wp-content\/uploads\/IMG_1582-768x512.jpg 768w, http:\/\/www.marathon-dunkerque.com\/wp-content\/uploads\/IMG_1582-1024x683.jpg 1024w\" sizes=\"(max-width: 300px) 100vw, 300px\" \/><\/a><a href=\"http:\/\/www.marathon-dunkerque.com\/wp-content\/uploads\/IMG_1325.jpg\"><img loading=\"lazy\" decoding=\"async\" class=\"alignnone size-medium wp-image-2555\" src=\"http:\/\/www.marathon-dunkerque.com\/wp-content\/uploads\/IMG_1325-300x200.jpg\" alt=\"\" width=\"300\" height=\"200\" srcset=\"http:\/\/www.marathon-dunkerque.com\/wp-content\/uploads\/IMG_1325-300x200.jpg 300w, http:\/\/www.marathon-dunkerque.com\/wp-content\/uploads\/IMG_1325-768x512.jpg 768w, http:\/\/www.marathon-dunkerque.com\/wp-content\/uploads\/IMG_1325-1024x683.jpg 1024w\" sizes=\"(max-width: 300px) 100vw, 300px\" \/><\/a><a href=\"http:\/\/www.marathon-dunkerque.com\/wp-content\/uploads\/IMG_1311.jpg\"><img loading=\"lazy\" decoding=\"async\" class=\"alignnone size-medium wp-image-2553\" src=\"http:\/\/www.marathon-dunkerque.com\/wp-content\/uploads\/IMG_1311-300x200.jpg\" alt=\"\" width=\"300\" height=\"200\" srcset=\"http:\/\/www.marathon-dunkerque.com\/wp-content\/uploads\/IMG_1311-300x200.jpg 300w, http:\/\/www.marathon-dunkerque.com\/wp-content\/uploads\/IMG_1311-768x512.jpg 768w, http:\/\/www.marathon-dunkerque.com\/wp-content\/uploads\/IMG_1311-1024x683.jpg 1024w\" sizes=\"(max-width: 300px) 100vw, 300px\" \/><\/a><strong><a href=\"http:\/\/www.marathon-dunkerque.com\/wp-content\/uploads\/IMG_1291.jpg\"><img loading=\"lazy\" decoding=\"async\" class=\"alignnone size-medium wp-image-2548\" src=\"http:\/\/www.marathon-dunkerque.com\/wp-content\/uploads\/IMG_1291-300x200.jpg\" alt=\"\" width=\"300\" height=\"200\" srcset=\"http:\/\/www.marathon-dunkerque.com\/wp-content\/uploads\/IMG_1291-300x200.jpg 300w, http:\/\/www.marathon-dunkerque.com\/wp-content\/uploads\/IMG_1291-768x512.jpg 768w, http:\/\/www.marathon-dunkerque.com\/wp-content\/uploads\/IMG_1291-1024x683.jpg 1024w\" sizes=\"(max-width: 300px) 100vw, 300px\" \/><\/a><a href=\"http:\/\/www.marathon-dunkerque.com\/wp-content\/uploads\/IMG_1619-1.jpg\"><img loading=\"lazy\" decoding=\"async\" class=\"alignnone size-medium wp-image-2549\" src=\"http:\/\/www.marathon-dunkerque.com\/wp-content\/uploads\/IMG_1619-1-300x200.jpg\" alt=\"\" width=\"300\" height=\"200\" srcset=\"http:\/\/www.marathon-dunkerque.com\/wp-content\/uploads\/IMG_1619-1-300x200.jpg 300w, http:\/\/www.marathon-dunkerque.com\/wp-content\/uploads\/IMG_1619-1-768x512.jpg 768w, http:\/\/www.marathon-dunkerque.com\/wp-content\/uploads\/IMG_1619-1-1024x683.jpg 1024w\" sizes=\"(max-width: 300px) 100vw, 300px\" \/><\/a><a href=\"http:\/\/www.marathon-dunkerque.com\/wp-content\/uploads\/IMG_1047.jpg\"><img loading=\"lazy\" decoding=\"async\" class=\"alignnone size-medium wp-image-2540\" src=\"http:\/\/www.marathon-dunkerque.com\/wp-content\/uploads\/IMG_1047-300x200.jpg\" alt=\"\" width=\"300\" height=\"200\" srcset=\"http:\/\/www.marathon-dunkerque.com\/wp-content\/uploads\/IMG_1047-300x200.jpg 300w, http:\/\/www.marathon-dunkerque.com\/wp-content\/uploads\/IMG_1047-768x512.jpg 768w, http:\/\/www.marathon-dunkerque.com\/wp-content\/uploads\/IMG_1047-1024x683.jpg 1024w\" sizes=\"(max-width: 300px) 100vw, 300px\" \/><\/a><a href=\"http:\/\/www.marathon-dunkerque.com\/wp-content\/uploads\/IMG_1206.jpg\"><img loading=\"lazy\" decoding=\"async\" class=\"alignnone size-medium wp-image-2541\" src=\"http:\/\/www.marathon-dunkerque.com\/wp-content\/uploads\/IMG_1206-300x200.jpg\" alt=\"\" width=\"300\" height=\"200\" srcset=\"http:\/\/www.marathon-dunkerque.com\/wp-content\/uploads\/IMG_1206-300x200.jpg 300w, http:\/\/www.marathon-dunkerque.com\/wp-content\/uploads\/IMG_1206-768x512.jpg 768w, http:\/\/www.marathon-dunkerque.com\/wp-content\/uploads\/IMG_1206-1024x683.jpg 1024w\" sizes=\"(max-width: 300px) 100vw, 300px\" \/><\/a><a href=\"http:\/\/www.marathon-dunkerque.com\/wp-content\/uploads\/IMG_1400.jpg\"><img loading=\"lazy\" decoding=\"async\" class=\"alignnone size-medium wp-image-2542\" src=\"http:\/\/www.marathon-dunkerque.com\/wp-content\/uploads\/IMG_1400-300x200.jpg\" alt=\"\" width=\"300\" height=\"200\" srcset=\"http:\/\/www.marathon-dunkerque.com\/wp-content\/uploads\/IMG_1400-300x200.jpg 300w, http:\/\/www.marathon-dunkerque.com\/wp-content\/uploads\/IMG_1400-768x512.jpg 768w, http:\/\/www.marathon-dunkerque.com\/wp-content\/uploads\/IMG_1400-1024x683.jpg 1024w\" sizes=\"(max-width: 300px) 100vw, 300px\" \/><\/a><a href=\"http:\/\/www.marathon-dunkerque.com\/wp-content\/uploads\/IMG_1688.jpg\"><img loading=\"lazy\" decoding=\"async\" class=\"alignnone size-medium wp-image-2544\" src=\"http:\/\/www.marathon-dunkerque.com\/wp-content\/uploads\/IMG_1688-300x200.jpg\" alt=\"\" width=\"300\" height=\"200\" srcset=\"http:\/\/www.marathon-dunkerque.com\/wp-content\/uploads\/IMG_1688-300x200.jpg 300w, http:\/\/www.marathon-dunkerque.com\/wp-content\/uploads\/IMG_1688-768x512.jpg 768w, http:\/\/www.marathon-dunkerque.com\/wp-content\/uploads\/IMG_1688-1024x683.jpg 1024w\" sizes=\"(max-width: 300px) 100vw, 300px\" \/><\/a><a href=\"http:\/\/www.marathon-dunkerque.com\/wp-content\/uploads\/IMG_1772.jpg\"><img loading=\"lazy\" decoding=\"async\" class=\"alignnone size-medium wp-image-2545\" src=\"http:\/\/www.marathon-dunkerque.com\/wp-content\/uploads\/IMG_1772-300x200.jpg\" alt=\"\" width=\"300\" height=\"200\" srcset=\"http:\/\/www.marathon-dunkerque.com\/wp-content\/uploads\/IMG_1772-300x200.jpg 300w, http:\/\/www.marathon-dunkerque.com\/wp-content\/uploads\/IMG_1772-768x512.jpg 768w, http:\/\/www.marathon-dunkerque.com\/wp-content\/uploads\/IMG_1772-1024x683.jpg 1024w\" sizes=\"(max-width: 300px) 100vw, 300px\" \/><\/a><\/strong><\/p>\n","protected":false},"excerpt":{"rendered":"<p>Ci-dessous les liens des premi\u00e8res photos de l&rsquo;\u00e9dition 2027 : https:\/\/www.amazon.fr\/photos\/share\/knGsXzNMZ7jWpOOHGRo6BY5Cqf2znePsf61Q3cVNwFW https:\/\/photos.app.goo.gl\/WVoVji6jLd5fBn2F6 Photos 2027 : \u00ab\u00a0nouveau montage \/ nouvelle animation\u00a0\u00bb. D&rsquo;autres photos suivront, j&rsquo;attends de la part des autres photographes leur lien Google photos ! Les parcours restent inchang\u00e9s aux ann\u00e9es pr\u00e9c\u00e9dentes. Parcours du semi marathon du dimanche xxx 2027, d\u00e9part \u00e0 9h30 (lien ci-dessous). [&hellip;]<\/p>\n","protected":false},"author":1,"featured_media":0,"parent":0,"menu_order":7,"comment_status":"closed","ping_status":"closed","template":"","meta":{"footnotes":""},"_links":{"self":[{"href":"http:\/\/www.marathon-dunkerque.com\/index.php?rest_route=\/wp\/v2\/pages\/17"}],"collection":[{"href":"http:\/\/www.marathon-dunkerque.com\/index.php?rest_route=\/wp\/v2\/pages"}],"about":[{"href":"http:\/\/www.marathon-dunkerque.com\/index.php?rest_route=\/wp\/v2\/types\/page"}],"author":[{"embeddable":true,"href":"http:\/\/www.marathon-dunkerque.com\/index.php?rest_route=\/wp\/v2\/users\/1"}],"replies":[{"embeddable":true,"href":"http:\/\/www.marathon-dunkerque.com\/index.php?rest_route=%2Fwp%2Fv2%2Fcomments&post=17"}],"version-history":[{"count":166,"href":"http:\/\/www.marathon-dunkerque.com\/index.php?rest_route=\/wp\/v2\/pages\/17\/revisions"}],"predecessor-version":[{"id":5166,"href":"http:\/\/www.marathon-dunkerque.com\/index.php?rest_route=\/wp\/v2\/pages\/17\/revisions\/5166"}],"wp:attachment":[{"href":"http:\/\/www.marathon-dunkerque.com\/index.php?rest_route=%2Fwp%2Fv2%2Fmedia&parent=17"}],"curies":[{"name":"wp","href":"https:\/\/api.w.org\/{rel}","templated":true}]}}